{"id":178,"date":"2025-01-27T12:49:05","date_gmt":"2025-01-27T15:49:05","guid":{"rendered":"https:\/\/colegiopaulofreire.com.br\/matricula2025\/?page_id=178"},"modified":"2025-10-01T16:18:13","modified_gmt":"2025-10-01T19:18:13","slug":"horario-integral","status":"publish","type":"page","link":"https:\/\/colegiopaulofreire.com.br\/matricula2025\/horario-integral\/","title":{"rendered":"Hor\u00e1rio Integral"},"content":{"rendered":"<p>[et_pb_section fb_built=&#8221;1&#8243; module_id=&#8221;Header&#8221; _builder_version=&#8221;4.24.3&#8243; background_enable_color=&#8221;off&#8221; background_image=&#8221;https:\/\/colegiopaulofreire.com.br\/matricula2025\/wp-content\/uploads\/2025\/01\/cpfreire-integral-header-section-bg.png&#8221; background_position=&#8221;bottom_right&#8221; custom_padding=&#8221;||||false|false&#8221; background_last_edited=&#8221;on|phone&#8221; background_enable_image_phone=&#8221;off&#8221; global_colors_info=&#8221;{}&#8221;][et_pb_row column_structure=&#8221;1_2,1_2&#8243; _builder_version=&#8221;4.24.3&#8243; _module_preset=&#8221;default&#8221; custom_margin=&#8221;||||false|false&#8221; custom_padding=&#8221;|0px|0px||false|false&#8221; global_colors_info=&#8221;{}&#8221;][et_pb_column type=&#8221;1_2&#8243; _builder_version=&#8221;4.24.3&#8243; _module_preset=&#8221;default&#8221; global_colors_info=&#8221;{}&#8221;][et_pb_heading title=&#8221;col\u00e9gio paulo freire&#8221; _builder_version=&#8221;4.24.3&#8243; _module_preset=&#8221;default&#8221; title_level=&#8221;h3&#8243; title_font=&#8221;|800||on|||||&#8221; title_text_color=&#8221;#c9242d&#8221; title_font_size=&#8221;16px&#8221; global_colors_info=&#8221;{}&#8221;][\/et_pb_heading][et_pb_heading title=&#8221;\ud83c\udf89Em 2026, nosso HOR\u00c1RIO INTEGRAL ser\u00e1 ampliado!\ud83c\udf89&#8221; _builder_version=&#8221;4.24.3&#8243; _module_preset=&#8221;default&#8221; title_font=&#8221;|700|||||||&#8221; title_text_color=&#8221;#0C71C3&#8243; title_font_size=&#8221;44px&#8221; title_letter_spacing=&#8221;-1px&#8221; title_line_height=&#8221;1.2em&#8221; title_font_size_tablet=&#8221;48px&#8221; title_font_size_phone=&#8221;36px&#8221; title_font_size_last_edited=&#8221;on|phone&#8221; global_colors_info=&#8221;{}&#8221;][\/et_pb_heading][et_pb_text _builder_version=&#8221;4.24.3&#8243; _module_preset=&#8221;default&#8221; text_text_color=&#8221;#8700b5&#8243; text_font_size=&#8221;24px&#8221; text_line_height=&#8221;1.5em&#8221; text_font_size_tablet=&#8221;24px&#8221; text_font_size_phone=&#8221;20px&#8221; text_font_size_last_edited=&#8221;on|phone&#8221; global_colors_info=&#8221;{}&#8221;]<\/p>\n<p>Com <strong>novas \u00e1reas<\/strong>, atender\u00e1 alunos do <strong>Maternal ao 3\u00ba ano do Fundamental<\/strong>, de segunda a sexta-feira, das 7:30 \u00e0s 18:00.<\/p>\n<p>[\/et_pb_text][et_pb_button button_url=&#8221;#form&#8221; button_text=&#8221;Garanta agora sua vaga!&#8221; button_alignment=&#8221;left&#8221; button_alignment_tablet=&#8221;left&#8221; button_alignment_phone=&#8221;center&#8221; button_alignment_last_edited=&#8221;on|phone&#8221; _builder_version=&#8221;4.24.3&#8243; _module_preset=&#8221;default&#8221; custom_button=&#8221;on&#8221; button_text_size=&#8221;22px&#8221; button_text_color=&#8221;#FFFFFF&#8221; button_bg_color=&#8221;#6f59d4&#8243; button_border_color=&#8221;RGBA(255,255,255,0)&#8221; button_border_radius=&#8221;30px&#8221; button_font=&#8221;|700||on|||||&#8221; button_icon=&#8221;&#x6b;||divi||400&#8243; custom_padding=&#8221;|60px||60px|false|false&#8221; button_text_size_tablet=&#8221;22px&#8221; button_text_size_phone=&#8221;18px&#8221; button_text_size_last_edited=&#8221;on|phone&#8221; global_colors_info=&#8221;{}&#8221;][\/et_pb_button][\/et_pb_column][et_pb_column type=&#8221;1_2&#8243; _builder_version=&#8221;4.24.3&#8243; _module_preset=&#8221;default&#8221; custom_padding_last_edited=&#8221;off|desktop&#8221; global_colors_info=&#8221;{}&#8221;][\/et_pb_column][\/et_pb_row][\/et_pb_section][et_pb_section fb_built=&#8221;1&#8243; _builder_version=&#8221;4.24.3&#8243; _module_preset=&#8221;default&#8221; background_color=&#8221;#0072bc&#8221; custom_padding=&#8221;20px||20px||false|false&#8221; global_colors_info=&#8221;{}&#8221;][et_pb_row _builder_version=&#8221;4.24.3&#8243; _module_preset=&#8221;default&#8221; custom_padding=&#8221;0px||0px||false|false&#8221; global_colors_info=&#8221;{}&#8221;][et_pb_column type=&#8221;4_4&#8243; _builder_version=&#8221;4.24.3&#8243; _module_preset=&#8221;default&#8221; global_colors_info=&#8221;{}&#8221;][et_pb_text _builder_version=&#8221;4.24.3&#8243; _module_preset=&#8221;default&#8221; text_font=&#8221;|700|||||||&#8221; text_text_color=&#8221;#FFFFFF&#8221; text_font_size=&#8221;32px&#8221; text_line_height=&#8221;1.2em&#8221; text_orientation=&#8221;center&#8221; hover_enabled=&#8221;0&#8243; global_colors_info=&#8221;{}&#8221; sticky_enabled=&#8221;0&#8243;]GRANDE POR NATUREZA. COMPLETO POR DEDICA\u00c7\u00c3O.[\/et_pb_text][\/et_pb_column][\/et_pb_row][\/et_pb_section][et_pb_section fb_built=&#8221;1&#8243; custom_padding_last_edited=&#8221;on|phone&#8221; module_id=&#8221;o-colegio&#8221; _builder_version=&#8221;4.24.3&#8243; _module_preset=&#8221;default&#8221; background_color=&#8221;rgba(0,114,188,0.3)&#8221; background_image=&#8221;https:\/\/colegiopaulofreire.com.br\/matricula2025\/wp-content\/uploads\/2025\/01\/cpfreire-integral-section-image-01.png&#8221; background_size=&#8221;contain&#8221; background_position=&#8221;center_left&#8221; custom_padding=&#8221;||||false|false&#8221; custom_padding_tablet=&#8221;||||false|false&#8221; custom_padding_phone=&#8221;350px||||false|false&#8221; background_last_edited=&#8221;on|phone&#8221; background_position_phone=&#8221;top_center&#8221; global_colors_info=&#8221;{}&#8221;][et_pb_row column_structure=&#8221;1_3,1_3,1_3&#8243; _builder_version=&#8221;4.24.3&#8243; _module_preset=&#8221;default&#8221; global_colors_info=&#8221;{}&#8221;][et_pb_column type=&#8221;1_3&#8243; _builder_version=&#8221;4.24.3&#8243; _module_preset=&#8221;default&#8221; global_colors_info=&#8221;{}&#8221;][\/et_pb_column][et_pb_column type=&#8221;1_3&#8243; _builder_version=&#8221;4.24.3&#8243; _module_preset=&#8221;default&#8221; global_colors_info=&#8221;{}&#8221;][et_pb_text _builder_version=&#8221;4.24.3&#8243; _module_preset=&#8221;default&#8221; text_font_size=&#8221;18px&#8221; ul_text_color=&#8221;#242424&#8243; ul_font_size=&#8221;18px&#8221; ul_line_height=&#8221;1.5em&#8221; header_line_height=&#8221;1.2em&#8221; header_3_line_height=&#8221;1.5em&#8221; header_4_font=&#8221;|700||on|||||&#8221; header_4_text_color=&#8221;#0072bc&#8221; header_3_font_size_tablet=&#8221;&#8221; header_3_font_size_phone=&#8221;17px&#8221; header_3_font_size_last_edited=&#8221;on|phone&#8221; text_orientation_tablet=&#8221;&#8221; text_orientation_phone=&#8221;left&#8221; text_orientation_last_edited=&#8221;on|phone&#8221; global_colors_info=&#8221;{}&#8221;]<\/p>\n<h3>\ud83d\udca1<strong>Por que escolher o Hor\u00e1rio Integral do Col\u00e9gio Paulo Freire?<\/strong><\/h3>\n<ul>\n<li><strong>Educa\u00e7\u00e3o Integral: <\/strong>cognitivo, f\u00edsico, emocional e social.<\/li>\n<li><strong>Cuidado Personalizado: <\/strong>atenta \u00e0s necessidades de cada crian\u00e7a.<\/li>\n<\/ul>\n<p>[\/et_pb_text][\/et_pb_column][et_pb_column type=&#8221;1_3&#8243; _builder_version=&#8221;4.24.3&#8243; _module_preset=&#8221;default&#8221; global_colors_info=&#8221;{}&#8221;][et_pb_text _builder_version=&#8221;4.24.3&#8243; _module_preset=&#8221;default&#8221; text_font_size=&#8221;18px&#8221; ul_text_color=&#8221;#242424&#8243; ul_font_size=&#8221;18px&#8221; ul_line_height=&#8221;1.5em&#8221; header_line_height=&#8221;1.2em&#8221; header_3_line_height=&#8221;1.5em&#8221; header_4_font=&#8221;|700||on|||||&#8221; header_4_text_color=&#8221;#0072bc&#8221; header_3_font_size_tablet=&#8221;&#8221; header_3_font_size_phone=&#8221;17px&#8221; header_3_font_size_last_edited=&#8221;on|phone&#8221; text_orientation_tablet=&#8221;&#8221; text_orientation_phone=&#8221;left&#8221; text_orientation_last_edited=&#8221;on|phone&#8221; global_colors_info=&#8221;{}&#8221;]<\/p>\n<ul>\n<li><strong>Ambiente Inspirador:<\/strong> Espa\u00e7os verdes, horta, ateli\u00ea de artes e salas equipadas para diversas atividades.<\/li>\n<li><strong>Confian\u00e7a e Tranquilidade:<\/strong> Voc\u00ea pode trabalhar ou estudar com a certeza deu que seu filho est\u00e1 em boas m\u00e3os.<\/li>\n<\/ul>\n<p>[\/et_pb_text][\/et_pb_column][\/et_pb_row][\/et_pb_section][et_pb_section fb_built=&#8221;1&#8243; module_id=&#8221;form&#8221; _builder_version=&#8221;4.24.3&#8243; global_colors_info=&#8221;{}&#8221;][et_pb_row _builder_version=&#8221;4.24.3&#8243; _module_preset=&#8221;default&#8221; global_colors_info=&#8221;{}&#8221;][et_pb_column type=&#8221;4_4&#8243; _builder_version=&#8221;4.24.3&#8243; _module_preset=&#8221;default&#8221; global_colors_info=&#8221;{}&#8221;][et_pb_heading title=&#8221;D\u00ea o primeiro passo para um futuro promissor!&#8221; _builder_version=&#8221;4.24.3&#8243; _module_preset=&#8221;default&#8221; title_level=&#8221;h3&#8243; title_font=&#8221;|800||on|||||&#8221; title_text_align=&#8221;center&#8221; title_text_color=&#8221;#6f59d4&#8243; title_font_size=&#8221;18px&#8221; global_colors_info=&#8221;{}&#8221;][\/et_pb_heading][et_pb_text _builder_version=&#8221;4.24.3&#8243; _module_preset=&#8221;default&#8221; text_font=&#8221;|600|||||||&#8221; text_text_color=&#8221;#666666&#8243; text_font_size=&#8221;16px&#8221; header_line_height=&#8221;1.2em&#8221; header_3_line_height=&#8221;1.5em&#8221; header_4_font=&#8221;|700||on|||||&#8221; header_4_text_color=&#8221;#0072bc&#8221; background_color=&#8221;rgba(242,190,46,0.75)&#8221; text_orientation=&#8221;center&#8221; custom_padding=&#8221;10px|50px|10px|50px|false|true&#8221; header_3_font_size_tablet=&#8221;&#8221; header_3_font_size_phone=&#8221;17px&#8221; header_3_font_size_last_edited=&#8221;on|phone&#8221; border_radii=&#8221;on|10px|10px|10px|10px&#8221; box_shadow_style=&#8221;preset2&#8243; global_colors_info=&#8221;{}&#8221;]<\/p>\n<p><strong>ATEN\u00c7\u00c3O!\u00a0<\/strong> Ap\u00f3s preencher corretamente seus dados, <strong>n\u00f3s enviaremos uma mensagem de valida\u00e7\u00e3o<\/strong>. Ent\u00e3o, use seu melhor e-mail e lembre-se de conferir sua caixa de spam e a pasta do lixeiro eletr\u00f4nico.<\/p>\n<p>[\/et_pb_text][et_pb_code _builder_version=&#8221;4.24.3&#8243; _module_preset=&#8221;default&#8221; custom_padding=&#8221;0px|||||&#8221; global_colors_info=&#8221;{}&#8221;]\n<div class=\"wpcf7 no-js\" id=\"wpcf7-f251-o1\" lang=\"pt-BR\" dir=\"ltr\" data-wpcf7-id=\"251\">\n<div class=\"screen-reader-response\"><p role=\"status\" aria-live=\"polite\" aria-atomic=\"true\"><\/p> <ul><\/ul><\/div>\n<form action=\"\/matricula2025\/wp-json\/wp\/v2\/pages\/178#wpcf7-f251-o1\" method=\"post\" class=\"wpcf7-form init\" aria-label=\"Formul\u00e1rios de contato\" novalidate=\"novalidate\" data-status=\"init\">\n<fieldset class=\"hidden-fields-container\"><input type=\"hidden\" name=\"_wpcf7\" value=\"251\" \/><input type=\"hidden\" name=\"_wpcf7_version\" value=\"6.1.5\" \/><input type=\"hidden\" name=\"_wpcf7_locale\" value=\"pt_BR\" \/><input type=\"hidden\" name=\"_wpcf7_unit_tag\" value=\"wpcf7-f251-o1\" \/><input type=\"hidden\" name=\"_wpcf7_container_post\" value=\"0\" \/><input type=\"hidden\" name=\"_wpcf7_posted_data_hash\" value=\"\" \/><input type=\"hidden\" name=\"_wpcf7_recaptcha_response\" value=\"\" \/>\n<\/fieldset>\n<!--- Cadastro de Interesse Integral Novos Alunos 2026 -->\n<div class=\"form-cadastro\">\n\t<div class=\"row\">\n\t\t<div class=\"col-md-12\">\n\t\t\t<p><label><strong>Per\u00edodo Letivo pretendido: <\/strong><\/label>\n\t\t\t<\/p>\n\t\t\t<p><span class=\"wpcf7-form-control-wrap\" data-name=\"periodo-letivo\"><span class=\"wpcf7-form-control wpcf7-radio\"><span class=\"wpcf7-list-item first\"><label><input type=\"radio\" name=\"periodo-letivo\" value=\"2026 - 1\u00ba semestre\" \/><span class=\"wpcf7-list-item-label\">2026 - 1\u00ba semestre<\/span><\/label><\/span><span class=\"wpcf7-list-item last\"><label><input type=\"radio\" name=\"periodo-letivo\" value=\"2026 - 2\u00ba semestre\" \/><span class=\"wpcf7-list-item-label\">2026 - 2\u00ba semestre<\/span><\/label><\/span><\/span><\/span>\n\t\t\t<\/p>\n\t\t<\/div>\n\t<\/div>\n\t<div class=\"row\">\n\t\t<div class=\"col-md-12\">\n\t\t<hr \/>\n\t\t<\/div>\n\t<\/div>\n\t<div class=\"row\">\n\t\t<h3 class=\"text-pf-blue\"><strong>DADOS DO RESPONS\u00c1VEL:<\/strong>\n\t\t<\/h3>\n\t\t<div class=\"col-md-4\">\n\t\t\t<p><label>Nome*:<br \/>\n<span class=\"wpcf7-form-control-wrap\" data-name=\"your-name\"><input size=\"40\" maxlength=\"400\" class=\"wpcf7-form-control wpcf7-text wpcf7-validates-as-required form-control\" autocomplete=\"name\" aria-required=\"true\" aria-invalid=\"false\" value=\"\" type=\"text\" name=\"your-name\" \/><\/span><\/label>\n\t\t\t<\/p>\n\t\t<\/div>\n\t\t<div class=\"col-md-4\">\n\t\t\t<p><label>E-mail*:<br \/>\n<span class=\"wpcf7-form-control-wrap\" data-name=\"your-email\"><input size=\"40\" maxlength=\"400\" class=\"wpcf7-form-control wpcf7-email wpcf7-validates-as-required wpcf7-text wpcf7-validates-as-email form-control\" autocomplete=\"email\" aria-required=\"true\" aria-invalid=\"false\" value=\"\" type=\"email\" name=\"your-email\" \/><\/span><\/label>\n\t\t\t<\/p>\n\t\t<\/div>\n\t\t<div class=\"col-md-4\">\n\t\t\t<p><label>WhatsApp*:<br \/>\n<span class=\"wpcf7-form-control-wrap\" data-name=\"tel-resp\"><input size=\"40\" maxlength=\"400\" class=\"wpcf7-form-control wpcf7-text wpcf7-validates-as-required form-control phone\" aria-required=\"true\" aria-invalid=\"false\" value=\"\" type=\"text\" name=\"tel-resp\" \/><\/span><\/label>\n\t\t\t<\/p>\n\t\t<\/div>\n\t<\/div>\n\t<div class=\"row\">\n\t\t<div class=\"col-md-12\">\n\t\t<hr \/>\n\t\t<\/div>\n\t<\/div>\n\t<div class=\"row\">\n\t\t<h3 class=\"text-pf-blue\"><strong>DADOS DO(S) ALUNO(S):<\/strong>\n\t\t<\/h3>\n\t\t<div class=\"col-md-4\">\n\t\t\t<p><label>Aluno candidato 1*:<br \/>\n<span class=\"wpcf7-form-control-wrap\" data-name=\"nome-aluno-cand-1\"><input size=\"40\" maxlength=\"400\" class=\"wpcf7-form-control wpcf7-text wpcf7-validates-as-required form-control\" aria-required=\"true\" aria-invalid=\"false\" value=\"\" type=\"text\" name=\"nome-aluno-cand-1\" \/><\/span><\/label>\n\t\t\t<\/p>\n\t\t<\/div>\n\t\t<div class=\"col-md-4\">\n\t\t\t<p><label>Data de Nascimento 1*:<br \/>\n<span class=\"wpcf7-form-control-wrap\" data-name=\"data-nasc-cand-1\"><input class=\"wpcf7-form-control wpcf7-date wpcf7-validates-as-required wpcf7-validates-as-date form-control\" aria-required=\"true\" aria-invalid=\"false\" value=\"dd\/mm\/aaaa\" type=\"date\" name=\"data-nasc-cand-1\" \/><\/span><\/label>\n\t\t\t<\/p>\n\t\t<\/div>\n\t\t<div class=\"col-md-4\">\n\t\t\t<p><label>Segmento pretendido 1*:<br \/>\n<span class=\"wpcf7-form-control-wrap\" data-name=\"segmento-1\"><select class=\"wpcf7-form-control wpcf7-select wpcf7-validates-as-required form-control\" aria-required=\"true\" aria-invalid=\"false\" name=\"segmento-1\"><option value=\"\">&#8212;Escolha uma op\u00e7\u00e3o&#8212;<\/option><option value=\"Maternal 1 - Ed. Infantil\">Maternal 1 - Ed. Infantil<\/option><option value=\"Maternal 2 - Ed. Infantil\">Maternal 2 - Ed. Infantil<\/option><option value=\"Jardim 1 - Ed. Infantil\">Jardim 1 - Ed. Infantil<\/option><option value=\"Jardim 2 - Ed. Infantil\">Jardim 2 - Ed. Infantil<\/option><option value=\"Jardim 3 - Ed. Infantil\">Jardim 3 - Ed. Infantil<\/option><option value=\"1\u00ba ano - Fund I\">1\u00ba ano - Fund I<\/option><option value=\"2\u00ba ano - Fund I\">2\u00ba ano - Fund I<\/option><option value=\"3\u00ba ano - Fund I\">3\u00ba ano - Fund I<\/option><\/select><\/span><\/label>\n\t\t\t<\/p>\n\t\t<\/div>\n\t<\/div>\n\t<div class=\"row\">\n\t\t<div class=\"col-md-12\">\n\t\t<hr \/>\n\t\t<\/div>\n\t<\/div>\n\t<div class=\"row\">\n\t\t<div class=\"col-md-4\">\n\t\t\t<p><label>Aluno candidato 2:<br \/>\n<span class=\"wpcf7-form-control-wrap\" data-name=\"nome-aluno-cand-2\"><input size=\"40\" maxlength=\"400\" class=\"wpcf7-form-control wpcf7-text form-control\" aria-invalid=\"false\" value=\"\" type=\"text\" name=\"nome-aluno-cand-2\" \/><\/span><\/label>\n\t\t\t<\/p>\n\t\t<\/div>\n\t\t<div class=\"col-md-4\">\n\t\t\t<p><label>Data de Nascimento 2:<br \/>\n<span class=\"wpcf7-form-control-wrap\" data-name=\"data-nasc-cand-2\"><input class=\"wpcf7-form-control wpcf7-date wpcf7-validates-as-date form-control\" aria-invalid=\"false\" value=\"dd\/mm\/aaaa\" type=\"date\" name=\"data-nasc-cand-2\" \/><\/span><\/label>\n\t\t\t<\/p>\n\t\t<\/div>\n\t\t<div class=\"col-md-4\">\n\t\t\t<p><label>Segmento pretendido 2:<br \/>\n<span class=\"wpcf7-form-control-wrap\" data-name=\"segmento-2\"><select class=\"wpcf7-form-control wpcf7-select form-control\" aria-invalid=\"false\" name=\"segmento-2\"><option value=\"\">&#8212;Escolha uma op\u00e7\u00e3o&#8212;<\/option><option value=\"Maternal 1 - Ed. Infantil\">Maternal 1 - Ed. Infantil<\/option><option value=\"Maternal 2 - Ed. Infantil\">Maternal 2 - Ed. Infantil<\/option><option value=\"Jardim 1 - Ed. Infantil\">Jardim 1 - Ed. Infantil<\/option><option value=\"Jardim 2 - Ed. Infantil\">Jardim 2 - Ed. Infantil<\/option><option value=\"Jardim 3 - Ed. Infantil\">Jardim 3 - Ed. Infantil<\/option><option value=\"1\u00ba ano - Fund I\">1\u00ba ano - Fund I<\/option><option value=\"2\u00ba ano - Fund I\">2\u00ba ano - Fund I<\/option><option value=\"3\u00ba ano - Fund I\">3\u00ba ano - Fund I<\/option><\/select><\/span><\/label>\n\t\t\t<\/p>\n\t\t<\/div>\n\t<\/div>\n\t<div class=\"row\">\n\t\t<div class=\"col-md-12\">\n\t\t<hr \/>\n\t\t<\/div>\n\t<\/div>\n\t<div class=\"row\">\n\t\t<div class=\"col-md-4\">\n\t\t\t<p><label>Aluno candidato 3:<br \/>\n<span class=\"wpcf7-form-control-wrap\" data-name=\"nome-aluno-cand-3\"><input size=\"40\" maxlength=\"400\" class=\"wpcf7-form-control wpcf7-text form-control\" aria-invalid=\"false\" value=\"\" type=\"text\" name=\"nome-aluno-cand-3\" \/><\/span><\/label>\n\t\t\t<\/p>\n\t\t<\/div>\n\t\t<div class=\"col-md-4\">\n\t\t\t<p><label>Data de Nascimento 3:<br \/>\n<span class=\"wpcf7-form-control-wrap\" data-name=\"data-nasc-cand-3\"><input class=\"wpcf7-form-control wpcf7-date wpcf7-validates-as-date form-control\" aria-invalid=\"false\" value=\"dd\/mm\/aaaa\" type=\"date\" name=\"data-nasc-cand-3\" \/><\/span><\/label>\n\t\t\t<\/p>\n\t\t<\/div>\n\t\t<div class=\"col-md-4\">\n\t\t\t<p><label>Segmento pretendido 3:<br \/>\n<span class=\"wpcf7-form-control-wrap\" data-name=\"segmento-3\"><select class=\"wpcf7-form-control wpcf7-select form-control\" aria-invalid=\"false\" name=\"segmento-3\"><option value=\"\">&#8212;Escolha uma op\u00e7\u00e3o&#8212;<\/option><option value=\"Maternal 1 - Ed. Infantil\">Maternal 1 - Ed. Infantil<\/option><option value=\"Maternal 2 - Ed. Infantil\">Maternal 2 - Ed. Infantil<\/option><option value=\"Jardim 1 - Ed. Infantil\">Jardim 1 - Ed. Infantil<\/option><option value=\"Jardim 2 - Ed. Infantil\">Jardim 2 - Ed. Infantil<\/option><option value=\"Jardim 3 - Ed. Infantil\">Jardim 3 - Ed. Infantil<\/option><option value=\"1\u00ba ano - Fund I\">1\u00ba ano - Fund I<\/option><option value=\"2\u00ba ano - Fund I\">2\u00ba ano - Fund I<\/option><option value=\"3\u00ba ano - Fund I\">3\u00ba ano - Fund I<\/option><\/select><\/span> <\/label>\n\t\t\t<\/p>\n\t\t<\/div>\n\t<\/div>\n\t<div class=\"row\">\n\t\t<div class=\"col-md-12 text-center\">\n\t\t\t<p><span class=\"wpcf7-form-control-wrap\" data-name=\"aceite-termo\"><span class=\"wpcf7-form-control wpcf7-acceptance optional\"><span class=\"wpcf7-list-item\"><label><input type=\"checkbox\" name=\"aceite-termo\" value=\"1\" aria-invalid=\"false\" \/><span class=\"wpcf7-list-item-label\">Eu concordo com os <a class=\"text-pf-yellow\" href=\"\/termos-de-uso\" target=\"_blank\">termos de uso <a> para a informa\u00e7\u00e3o fornecida.<\/span><\/label><\/span><\/span><\/span>\n\t\t\t<\/p>\n\t\t\t<p><input class=\"wpcf7-form-control wpcf7-submit has-spinner btn btn-pf-blue\" type=\"submit\" value=\"Enviar informa\u00e7\u00f5es\" \/>\n\t\t\t<\/p>\n\t\t<\/div>\n\t<\/div>\n<\/div><div class=\"wpcf7-response-output\" aria-hidden=\"true\"><\/div>\n<\/form>\n<\/div>\n[\/et_pb_code][\/et_pb_column][\/et_pb_row][\/et_pb_section][et_pb_section fb_built=&#8221;1&#8243; custom_padding_last_edited=&#8221;on|phone&#8221; module_id=&#8221;o-colegio&#8221; _builder_version=&#8221;4.24.3&#8243; _module_preset=&#8221;default&#8221; background_color=&#8221;#32bfb6&#8243; background_enable_image=&#8221;off&#8221; background_size=&#8221;contain&#8221; background_position=&#8221;center_left&#8221; custom_padding=&#8221;||||false|false&#8221; custom_padding_tablet=&#8221;||||false|false&#8221; custom_padding_phone=&#8221;||||false|false&#8221; background_last_edited=&#8221;on|phone&#8221; background_position_phone=&#8221;top_center&#8221; global_colors_info=&#8221;{}&#8221;][et_pb_row _builder_version=&#8221;4.24.3&#8243; _module_preset=&#8221;default&#8221; custom_margin=&#8221;||||false|false&#8221; custom_padding=&#8221;0px||0px||false|false&#8221; global_colors_info=&#8221;{}&#8221;][et_pb_column type=&#8221;4_4&#8243; _builder_version=&#8221;4.24.3&#8243; _module_preset=&#8221;default&#8221; global_colors_info=&#8221;{}&#8221;][et_pb_heading title=&#8221;atividades programadas&#8221; _builder_version=&#8221;4.24.3&#8243; _module_preset=&#8221;default&#8221; title_level=&#8221;h4&#8243; title_font=&#8221;|700||on|||||&#8221; title_text_align=&#8221;center&#8221; title_text_color=&#8221;#E01F45&#8243; global_colors_info=&#8221;{}&#8221;][\/et_pb_heading][\/et_pb_column][\/et_pb_row][et_pb_row column_structure=&#8221;1_2,1_2&#8243; _builder_version=&#8221;4.24.3&#8243; _module_preset=&#8221;default&#8221; global_colors_info=&#8221;{}&#8221;][et_pb_column type=&#8221;1_2&#8243; _builder_version=&#8221;4.24.3&#8243; _module_preset=&#8221;default&#8221; global_colors_info=&#8221;{}&#8221;][et_pb_text _builder_version=&#8221;4.24.3&#8243; _module_preset=&#8221;default&#8221; text_font=&#8221;||||||||&#8221; text_text_color=&#8221;#FFFFFF&#8221; text_font_size=&#8221;18px&#8221; header_line_height=&#8221;1.2em&#8221; header_3_text_color=&#8221;#331584&#8243; header_3_line_height=&#8221;1.5em&#8221; header_4_font=&#8221;|700||on|||||&#8221; header_4_text_color=&#8221;#0072bc&#8221; custom_padding=&#8221;||||false|false&#8221; header_3_font_size_tablet=&#8221;&#8221; header_3_font_size_phone=&#8221;17px&#8221; header_3_font_size_last_edited=&#8221;on|phone&#8221; text_orientation_tablet=&#8221;&#8221; text_orientation_phone=&#8221;left&#8221; text_orientation_last_edited=&#8221;on|phone&#8221; global_colors_info=&#8221;{}&#8221;]<\/p>\n<h3>\ud83c\udfa8<strong>Micro e Macro Habilidades: estimula\u00e7\u00e3o de pequenos e grandes movimentos<\/strong><\/h3>\n<ul>\n<li>Atividades que desenvolvem coordena\u00e7\u00e3o motora, equil\u00edbrio e habilidades manuais.<\/li>\n<li>Brincadeiras com materiais diversifi cados que promovem movimento, criatividade, autocontrole, autoconhecimento e expressividade.<\/li>\n<\/ul>\n<p>[\/et_pb_text][et_pb_text _builder_version=&#8221;4.24.3&#8243; _module_preset=&#8221;default&#8221; text_font=&#8221;||||||||&#8221; text_text_color=&#8221;#FFFFFF&#8221; text_font_size=&#8221;18px&#8221; header_line_height=&#8221;1.2em&#8221; header_3_text_color=&#8221;#331584&#8243; header_3_line_height=&#8221;1.5em&#8221; header_4_font=&#8221;|700||on|||||&#8221; header_4_text_color=&#8221;#0072bc&#8221; custom_padding=&#8221;||||false|false&#8221; header_3_font_size_tablet=&#8221;&#8221; header_3_font_size_phone=&#8221;17px&#8221; header_3_font_size_last_edited=&#8221;on|phone&#8221; text_orientation_tablet=&#8221;&#8221; text_orientation_phone=&#8221;left&#8221; text_orientation_last_edited=&#8221;on|phone&#8221; global_colors_info=&#8221;{}&#8221;]<\/p>\n<h3>\ud83c\udfb6<strong>M\u00fasica e Ludicidade:<\/strong><\/h3>\n<ul>\n<li>Brincadeiras Cantadas.<\/li>\n<li>Por meio de can\u00e7\u00f5es, trabalhamos ritmo, melodia e express\u00e3o corporal.<\/li>\n<li>Cantigas de roda e m\u00fasicas educativas que tornam o aprendizado leve e divertido.<\/li>\n<\/ul>\n<p>[\/et_pb_text][et_pb_text _builder_version=&#8221;4.24.3&#8243; _module_preset=&#8221;default&#8221; text_font=&#8221;||||||||&#8221; text_text_color=&#8221;#FFFFFF&#8221; text_font_size=&#8221;18px&#8221; header_line_height=&#8221;1.2em&#8221; header_3_text_color=&#8221;#331584&#8243; header_3_line_height=&#8221;1.5em&#8221; header_4_font=&#8221;|700||on|||||&#8221; header_4_text_color=&#8221;#0072bc&#8221; custom_padding=&#8221;||||false|false&#8221; header_3_font_size_tablet=&#8221;&#8221; header_3_font_size_phone=&#8221;17px&#8221; header_3_font_size_last_edited=&#8221;on|phone&#8221; text_orientation_tablet=&#8221;&#8221; text_orientation_phone=&#8221;left&#8221; text_orientation_last_edited=&#8221;on|phone&#8221; global_colors_info=&#8221;{}&#8221;]<\/p>\n<h3>\ud83d\udc69 \ud83c\udf73<strong>Habilidades Sensoriais e Sociais:<\/strong><\/h3>\n<ul>\n<li>Oficinas culin\u00e1rias onde as crian\u00e7as aprendem sobre ingredientes, sabores e texturas.<\/li>\n<li>Atividades pr\u00e1ticas envolvendo cultivo, preparo e escolha de alimentos.<\/li>\n<li>Li\u00e7\u00f5es de comportamento e conv\u00edvio no preparo e no consumo de refei\u00e7\u00f5es.<\/li>\n<li>Promo\u00e7\u00e3o de autonomia e bons h\u00e1bitos.<\/li>\n<\/ul>\n<p>[\/et_pb_text][\/et_pb_column][et_pb_column type=&#8221;1_2&#8243; _builder_version=&#8221;4.24.3&#8243; _module_preset=&#8221;default&#8221; global_colors_info=&#8221;{}&#8221;][et_pb_text _builder_version=&#8221;4.24.3&#8243; _module_preset=&#8221;default&#8221; text_font=&#8221;||||||||&#8221; text_text_color=&#8221;#FFFFFF&#8221; text_font_size=&#8221;18px&#8221; header_line_height=&#8221;1.2em&#8221; header_3_text_color=&#8221;#331584&#8243; header_3_line_height=&#8221;1.5em&#8221; header_4_font=&#8221;|700||on|||||&#8221; header_4_text_color=&#8221;#0072bc&#8221; custom_padding=&#8221;||||false|false&#8221; header_3_font_size_tablet=&#8221;&#8221; header_3_font_size_phone=&#8221;17px&#8221; header_3_font_size_last_edited=&#8221;on|phone&#8221; text_orientation_tablet=&#8221;&#8221; text_orientation_phone=&#8221;left&#8221; text_orientation_last_edited=&#8221;on|phone&#8221; global_colors_info=&#8221;{}&#8221;]<\/p>\n<h3>\ud83d\udcda<strong>Express\u00e3o e Imagina\u00e7\u00e3o:<\/strong><\/h3>\n<ul>\n<li>Momento de criar hist\u00f3rias, versos e narrativas, dando asas a imagina\u00e7\u00e3o.<\/li>\n<li>A leitura do mundo antes da leitura da palavra.<\/li>\n<li>Dramatiza\u00e7\u00f5es em diferentes t\u00e9cnicas, incentivando a express\u00e3o emocional e verbal.<\/li>\n<\/ul>\n<p>[\/et_pb_text][et_pb_text _builder_version=&#8221;4.24.3&#8243; _module_preset=&#8221;default&#8221; text_font=&#8221;||||||||&#8221; text_text_color=&#8221;#FFFFFF&#8221; text_font_size=&#8221;18px&#8221; header_line_height=&#8221;1.2em&#8221; header_3_text_color=&#8221;#331584&#8243; header_3_line_height=&#8221;1.5em&#8221; header_4_font=&#8221;|700||on|||||&#8221; header_4_text_color=&#8221;#0072bc&#8221; custom_padding=&#8221;||||false|false&#8221; header_3_font_size_tablet=&#8221;&#8221; header_3_font_size_phone=&#8221;17px&#8221; header_3_font_size_last_edited=&#8221;on|phone&#8221; text_orientation_tablet=&#8221;&#8221; text_orientation_phone=&#8221;left&#8221; text_orientation_last_edited=&#8221;on|phone&#8221; global_colors_info=&#8221;{}&#8221;]<\/p>\n<h3>\ud83d\udd8c\ufe0f<strong>Artes Visuais, Artesanato e M\u00e3o na Massa<\/strong><\/h3>\n<ul>\n<li>Explora\u00e7\u00e3o de diferentes t\u00e9cnicas e materiais art\u00edsticos.<\/li>\n<li>Produ\u00e7\u00f5es que valorizam a identidade e o potencial criativo de cada crian\u00e7a.<\/li>\n<\/ul>\n<p>[\/et_pb_text][et_pb_text _builder_version=&#8221;4.24.3&#8243; _module_preset=&#8221;default&#8221; text_font=&#8221;||||||||&#8221; text_text_color=&#8221;#FFFFFF&#8221; text_font_size=&#8221;18px&#8221; header_line_height=&#8221;1.2em&#8221; header_3_text_color=&#8221;#331584&#8243; header_3_line_height=&#8221;1.5em&#8221; header_4_font=&#8221;|700||on|||||&#8221; header_4_text_color=&#8221;#0072bc&#8221; custom_padding=&#8221;||||false|false&#8221; header_3_font_size_tablet=&#8221;&#8221; header_3_font_size_phone=&#8221;17px&#8221; header_3_font_size_last_edited=&#8221;on|phone&#8221; text_orientation_tablet=&#8221;&#8221; text_orientation_phone=&#8221;left&#8221; text_orientation_last_edited=&#8221;on|phone&#8221; global_colors_info=&#8221;{}&#8221;]<\/p>\n<h3>\ud83c\udf88<strong>Atividades L\u00fadicas Todos os Dias<\/strong><\/h3>\n<ul>\n<li>Jogos, brincadeiras ao ar livre e din\u00e2micas que promovem intera\u00e7\u00e3o social e divers\u00e3o.<\/li>\n<li>\u00a0Um ambiente seguro e estimulante para o brincar livre.<\/li>\n<\/ul>\n<p>[\/et_pb_text][et_pb_text _builder_version=&#8221;4.24.3&#8243; _module_preset=&#8221;default&#8221; text_font=&#8221;||||||||&#8221; text_text_color=&#8221;#FFFFFF&#8221; text_font_size=&#8221;18px&#8221; header_line_height=&#8221;1.2em&#8221; header_3_text_color=&#8221;#331584&#8243; header_3_line_height=&#8221;1.5em&#8221; header_4_font=&#8221;|700||on|||||&#8221; header_4_text_color=&#8221;#0072bc&#8221; custom_padding=&#8221;||||false|false&#8221; header_3_font_size_tablet=&#8221;&#8221; header_3_font_size_phone=&#8221;17px&#8221; header_3_font_size_last_edited=&#8221;on|phone&#8221; text_orientation_tablet=&#8221;&#8221; text_orientation_phone=&#8221;left&#8221; text_orientation_last_edited=&#8221;on|phone&#8221; global_colors_info=&#8221;{}&#8221;]<\/p>\n<h3>\ud83d\udcda\ud83c\udf92<strong>H\u00e1bito de Estudos<\/strong><\/h3>\n<ul>\n<li>Alunos do Jardim 3 e 1\u00b0 ano t\u00eam acompanhamento na realiza\u00e7\u00e3o dos deveres de casa em ambiente apropriado e tranquilo.<\/li>\n<\/ul>\n<p>[\/et_pb_text][\/et_pb_column][\/et_pb_row][\/et_pb_section][et_pb_section fb_built=&#8221;1&#8243; module_id=&#8221;cta-footer&#8221; _builder_version=&#8221;4.24.3&#8243; _module_preset=&#8221;default&#8221; background_color=&#8221;#f2be2e&#8221; custom_padding=&#8221;5px||5px||false|false&#8221; global_colors_info=&#8221;{}&#8221;][et_pb_row _builder_version=&#8221;4.24.3&#8243; _module_preset=&#8221;default&#8221; global_colors_info=&#8221;{}&#8221;][et_pb_column type=&#8221;4_4&#8243; _builder_version=&#8221;4.24.3&#8243; _module_preset=&#8221;default&#8221; global_colors_info=&#8221;{}&#8221;][et_pb_cta title=&#8221;Venha para o Col\u00e9gio Paulo Freire&#8221; button_url=&#8221;#form&#8221; button_text=&#8221;Cadastro de interesse&#8221; _builder_version=&#8221;4.24.3&#8243; _module_preset=&#8221;default&#8221; header_level=&#8221;h3&#8243; header_font=&#8221;|700||on|||||&#8221; header_font_size=&#8221;16px&#8221; header_line_height=&#8221;2em&#8221; body_font=&#8221;|700|||||||&#8221; body_text_color=&#8221;#0072bc&#8221; body_font_size=&#8221;26px&#8221; body_line_height=&#8221;1.2em&#8221; use_background_color=&#8221;off&#8221; custom_button=&#8221;on&#8221; button_text_size=&#8221;22px&#8221; button_text_color=&#8221;#ffffff&#8221; button_bg_color=&#8221;#0042bc&#8221; button_border_width=&#8221;0px&#8221; button_border_radius=&#8221;30px&#8221; button_font=&#8221;|600||on|||||solid&#8221; button_icon=&#8221;&#x6b;||divi||400&#8243; custom_css_free_form=&#8221;a, a:hover {||    text-decoration: none!important;||}&#8221; global_colors_info=&#8221;{}&#8221;]<\/p>\n<p>Nosso compromisso \u00e9 proporcionar um ambiente acolhedor, onde cada indiv\u00edduo se sinta valorizado e encorajado a alcan\u00e7ar seus sonhos.<\/p>\n<p>[\/et_pb_cta][\/et_pb_column][\/et_pb_row][\/et_pb_section][et_pb_section fb_built=&#8221;1&#8243; _builder_version=&#8221;4.24.3&#8243; _module_preset=&#8221;default&#8221; background_color=&#8221;#0072bc&#8221; custom_padding=&#8221;20px||20px||false|false&#8221; global_colors_info=&#8221;{}&#8221;][et_pb_row column_structure=&#8221;2_5,3_5&#8243; _builder_version=&#8221;4.24.3&#8243; _module_preset=&#8221;default&#8221; global_colors_info=&#8221;{}&#8221;][et_pb_column type=&#8221;2_5&#8243; _builder_version=&#8221;4.24.3&#8243; _module_preset=&#8221;default&#8221; global_colors_info=&#8221;{}&#8221;][et_pb_image src=&#8221;https:\/\/colegiopaulofreire.com.br\/matricula2025\/wp-content\/uploads\/2024\/10\/cpfreire-logo-vert-branco.png&#8221; title_text=&#8221;cpfreire-logo-vert-branco&#8221; url=&#8221;https:\/\/colegiopaulofreire.com.br\/&#8221; url_new_window=&#8221;on&#8221; align=&#8221;center&#8221; _builder_version=&#8221;4.24.3&#8243; _module_preset=&#8221;default&#8221; width=&#8221;75%&#8221; max_width=&#8221;75%&#8221; global_colors_info=&#8221;{}&#8221;][\/et_pb_image][\/et_pb_column][et_pb_column type=&#8221;3_5&#8243; _builder_version=&#8221;4.24.3&#8243; _module_preset=&#8221;default&#8221; global_colors_info=&#8221;{}&#8221;][et_pb_text _builder_version=&#8221;4.24.3&#8243; _module_preset=&#8221;default&#8221; text_text_color=&#8221;#FFFFFF&#8221; text_font_size=&#8221;16px&#8221; header_text_color=&#8221;#FFFFFF&#8221; header_3_font=&#8221;|||on|||||&#8221; header_3_text_color=&#8221;#FFFFFF&#8221; hover_enabled=&#8221;0&#8243; global_colors_info=&#8221;{}&#8221; sticky_enabled=&#8221;0&#8243;]<\/p>\n<h3><strong>Fale Conosco<\/strong><\/h3>\n<p><a class=\"text-pf-white\" href=\"mailto:relacionamento@colegiopaulofreire.com.br\">relacionamento@colegiopaulofreire.com.br<\/a><br \/>\n(21) 2609-8512<br \/>\nRua Paulo Freire, 336 &#8211; Engenho do Mato &#8211; Niter\u00f3i &#8211; RJ<span><\/span>[\/et_pb_text][et_pb_social_media_follow use_icon_font_size=&#8221;on&#8221; icon_font_size=&#8221;20px&#8221; _builder_version=&#8221;4.24.3&#8243; _module_preset=&#8221;default&#8221; text_orientation=&#8221;left&#8221; hover_enabled=&#8221;0&#8243; border_radii=&#8221;on|22px|22px|22px|22px&#8221; global_colors_info=&#8221;{}&#8221; sticky_enabled=&#8221;0&#8243;][et_pb_social_media_follow_network social_network=&#8221;instagram&#8221; url=&#8221;https:\/\/www.instagram.com\/colegiopaulofreire\/&#8221; _builder_version=&#8221;4.24.3&#8243; _module_preset=&#8221;default&#8221; background_color=&#8221;#ea2c59&#8243; global_colors_info=&#8221;{}&#8221; follow_button=&#8221;off&#8221; url_new_window=&#8221;on&#8221;]instagram[\/et_pb_social_media_follow_network][et_pb_social_media_follow_network social_network=&#8221;facebook&#8221; url=&#8221;https:\/\/www.facebook.com\/cpfreire&#8221; _builder_version=&#8221;4.24.3&#8243; _module_preset=&#8221;default&#8221; background_color=&#8221;#3b5998&#8243; global_colors_info=&#8221;{}&#8221; follow_button=&#8221;off&#8221; url_new_window=&#8221;on&#8221;]facebook[\/et_pb_social_media_follow_network][et_pb_social_media_follow_network social_network=&#8221;whatsapp&#8221; url=&#8221;https:\/\/wa.me\/5521997889745&#8243; _builder_version=&#8221;4.24.3&#8243; _module_preset=&#8221;default&#8221; background_color=&#8221;#25D366&#8243; hover_enabled=&#8221;0&#8243; global_colors_info=&#8221;{}&#8221; follow_button=&#8221;off&#8221; url_new_window=&#8221;on&#8221; sticky_enabled=&#8221;0&#8243;]whatsapp[\/et_pb_social_media_follow_network][\/et_pb_social_media_follow][\/et_pb_column][\/et_pb_row][\/et_pb_section][et_pb_section fb_built=&#8221;1&#8243; module_id=&#8221;footer&#8221; _builder_version=&#8221;4.24.3&#8243; _module_preset=&#8221;default&#8221; background_color=&#8221;#0052bc&#8221; custom_margin=&#8221;||||false|false&#8221; custom_padding=&#8221;5px||5px||false|false&#8221; global_colors_info=&#8221;{}&#8221;][et_pb_row _builder_version=&#8221;4.24.3&#8243; _module_preset=&#8221;default&#8221; global_colors_info=&#8221;{}&#8221;][et_pb_column type=&#8221;4_4&#8243; _builder_version=&#8221;4.24.3&#8243; _module_preset=&#8221;default&#8221; global_colors_info=&#8221;{}&#8221;][et_pb_text _builder_version=&#8221;4.24.3&#8243; _module_preset=&#8221;default&#8221; text_text_color=&#8221;#FFFFFF&#8221; text_orientation=&#8221;center&#8221; global_colors_info=&#8221;{}&#8221;]<\/p>\n<p><span>Copyright \u00a9 2025 Col\u00e9gio Paulo Freire. Todos os direitos reservados.<\/span><\/p>\n<p>[\/et_pb_text][\/et_pb_column][\/et_pb_row][\/et_pb_section]<\/p>\n","protected":false},"excerpt":{"rendered":"<p>Com novas \u00e1reas, atender\u00e1 alunos do Maternal ao 3\u00ba ano do Fundamental, de segunda a sexta-feira, das 7:30 \u00e0s 18:00.GRANDE POR NATUREZA. COMPLETO POR DEDICA\u00c7\u00c3O.\ud83d\udca1Por que escolher o Hor\u00e1rio Integral do Col\u00e9gio Paulo Freire? Educa\u00e7\u00e3o Integral: cognitivo, f\u00edsico, emocional e social. Cuidado Personalizado: atenta \u00e0s necessidades de cada crian\u00e7a. Ambiente Inspirador: Espa\u00e7os verdes, horta, ateli\u00ea [&hellip;]<\/p>\n","protected":false},"author":1,"featured_media":0,"parent":0,"menu_order":0,"comment_status":"closed","ping_status":"closed","template":"page-template-blank.php","meta":{"_et_pb_use_builder":"on","_et_pb_old_content":"<!-- wp:paragraph -->\n<p>Esta \u00e9 uma p\u00e1gina de exemplo. \u00c9 diferente de um post no blog porque ela permanecer\u00e1 em um lugar e aparecer\u00e1 na navega\u00e7\u00e3o do seu site na maioria dos temas. Muitas pessoas come\u00e7am com uma p\u00e1gina que as apresenta a poss\u00edveis visitantes do site. Ela pode dizer algo assim:<\/p>\n<!-- \/wp:paragraph -->\n\n<!-- wp:quote -->\n<blockquote class=\"wp-block-quote\"><!-- wp:paragraph -->\n<p>Ol\u00e1! Eu sou um mensageiro de bicicleta durante o dia, ator aspirante \u00e0 noite, e este \u00e9 o meu site. Eu moro em S\u00e3o Paulo, tenho um grande cachorro chamado Rex e gosto de tomar caipirinha (e banhos de chuva).<\/p>\n<!-- \/wp:paragraph --><\/blockquote>\n<!-- \/wp:quote -->\n\n<!-- wp:paragraph -->\n<p>...ou alguma coisa assim:<\/p>\n<!-- \/wp:paragraph -->\n\n<!-- wp:quote -->\n<blockquote class=\"wp-block-quote\"><!-- wp:paragraph -->\n<p>A Companhia de Miniaturas XYZ foi fundada em 1971, e desde ent\u00e3o tem fornecido miniaturas de qualidade ao p\u00fablico. Localizada na cidade de Itu, a XYZ emprega mais de 2.000 pessoas e faz coisas grandiosas para a comunidade da cidade.<\/p>\n<!-- \/wp:paragraph --><\/blockquote>\n<!-- \/wp:quote -->\n\n<!-- wp:paragraph -->\n<p>Como um novo usu\u00e1rio do WordPress, voc\u00ea deveria ir ao <a href=\"https:\/\/colegiopaulofreire.com.br\/matricula2025\/wp-admin\/\">painel<\/a> para excluir essa p\u00e1gina e criar novas p\u00e1ginas para o seu conte\u00fado. Divirta-se!<\/p>\n<!-- \/wp:paragraph -->","_et_gb_content_width":"","footnotes":""},"class_list":["post-178","page","type-page","status-publish","hentry"],"_links":{"self":[{"href":"https:\/\/colegiopaulofreire.com.br\/matricula2025\/wp-json\/wp\/v2\/pages\/178","targetHints":{"allow":["GET"]}}],"collection":[{"href":"https:\/\/colegiopaulofreire.com.br\/matricula2025\/wp-json\/wp\/v2\/pages"}],"about":[{"href":"https:\/\/colegiopaulofreire.com.br\/matricula2025\/wp-json\/wp\/v2\/types\/page"}],"author":[{"embeddable":true,"href":"https:\/\/colegiopaulofreire.com.br\/matricula2025\/wp-json\/wp\/v2\/users\/1"}],"replies":[{"embeddable":true,"href":"https:\/\/colegiopaulofreire.com.br\/matricula2025\/wp-json\/wp\/v2\/comments?post=178"}],"version-history":[{"count":20,"href":"https:\/\/colegiopaulofreire.com.br\/matricula2025\/wp-json\/wp\/v2\/pages\/178\/revisions"}],"predecessor-version":[{"id":263,"href":"https:\/\/colegiopaulofreire.com.br\/matricula2025\/wp-json\/wp\/v2\/pages\/178\/revisions\/263"}],"wp:attachment":[{"href":"https:\/\/colegiopaulofreire.com.br\/matricula2025\/wp-json\/wp\/v2\/media?parent=178"}],"curies":[{"name":"wp","href":"https:\/\/api.w.org\/{rel}","templated":true}]}}